{"id":3,"date":"2023-04-17T08:55:34","date_gmt":"2023-04-17T08:55:34","guid":{"rendered":"https:\/\/antiaging.advancispharma.com\/?page_id=3"},"modified":"2023-06-27T23:00:49","modified_gmt":"2023-06-27T23:00:49","slug":"politica-de-privacidade","status":"publish","type":"page","link":"https:\/\/antiaging.advancispharma.com\/en\/privacy-policy\/","title":{"rendered":"Privacy Policy"},"content":{"rendered":"<h2>1.\u00a0\u00a0\u00a0\u00a0\u00a0 O Nosso Compromisso de Privacidade<\/h2>\n<p>ADVANCIS\u00ae Anti-Aging (doravante designada por <strong>\u201cADVANCIS\u00ae ANTI-AGING\u201d, \u201cn\u00f3s\u201d. \u201cnossos\u201d <\/strong>ou<strong> \u201cn\u00f3s\u201d<\/strong>), \u00e9 uma marca detida pela <strong>Farmodi\u00e9tica S.A.<\/strong> (doravante \u201cEntidade\u201d ou \u201cFarmodi\u00e9tica) com sede em Portugal. Compreendemos que a utiliza\u00e7\u00e3o dos seus dados pessoais requer a sua confian\u00e7a. A confidencialidade e a integridade dos seus dados pessoais \u00e9 uma das nossas principais preocupa\u00e7\u00f5es. Estamos sujeitos aos mais elevados padr\u00f5es de privacidade e apenas iremos utilizar os seus dados pessoais para finalidades claramente identificadas.<\/p>\n<p>Todas as suas informa\u00e7\u00f5es pessoais recolhidas, ser\u00e3o usadas para o ajudar a tornar a sua visita no nosso site o mais produtiva e agrad\u00e1vel poss\u00edvel.<\/p>\n<p>A disponibiliza\u00e7\u00e3o de dados pessoais no \u00e2mbito da utiliza\u00e7\u00e3o do website com o endere\u00e7o https:\/\/antiaging.advancispharma.com\/ (doravante &#8220;website&#8221;), implica o conhecimento e aceita\u00e7\u00e3o expressa das condi\u00e7\u00f5es constantes desta Pol\u00edtica de Privacidade. \u00c9 ainda aconselhada a leitura da <u><a href=\"https:\/\/antiaging.advancispharma.com\/en\/cookie-policy\/\">Cookie Policy<\/a><\/u> que disponibilizamos no mesmo endere\u00e7o.<\/p>\n<p>A Pol\u00edtica de Privacidade, bem como a recolha, tratamento ou transmiss\u00e3o de Dados do Utilizador, s\u00e3o regidos pelo disposto no Regulamento (UE) 2016\/679, do Parlamento Europeu e do Conselho, de 27 de abril de 2016 e pela legisla\u00e7\u00e3o e regulamenta\u00e7\u00e3o aplic\u00e1veis em Portugal.<\/p>\n<p>&nbsp;<\/p>\n<h2>2.\u00a0\u00a0\u00a0\u00a0\u00a0 Encarregado Prote\u00e7\u00e3o de Dados<\/h2>\n<p>A Farmodi\u00e9tica nomeou um Encarregado da Prote\u00e7\u00e3o de Dados. Se tiver quest\u00f5es ou sugest\u00f5es relativamente \u00e0s nossas pol\u00edticas ou pr\u00e1ticas de tratamento de Dados Pessoais, entre em contacto connosco enviando um email para <strong><a href=\"mailto:dados@farmodietica.com\">dados@farmodietica.com<\/a><\/strong>.<\/p>\n<p>&nbsp;<\/p>\n<h2>3.\u00a0\u00a0\u00a0\u00a0\u00a0 Recolha e Finalidades de Tratamento de Dados Pessoais<\/h2>\n<p>Os seus dados pessoais ser\u00e3o recolhidos e tratados por n\u00f3s, nas seguintes situa\u00e7\u00f5es:<\/p>\n<ul>\n<li>Website<\/li>\n<\/ul>\n<p>O acesso e navega\u00e7\u00e3o no Site n\u00e3o implica necessariamente a disponibiliza\u00e7\u00e3o de dados pessoais. No entanto, existem determinadas funcionalidades no website que implicam a disponibiliza\u00e7\u00e3o de dados pessoais, por exemplo (i) se pretender submeter um email para os contactos disponibilizados com as suas quest\u00f5es e sugest\u00f5es; (ii) ou a subscri\u00e7\u00e3o da newsletter ou campanhas de marketing semelhantes. Caso nos pretenda contactar atrav\u00e9s do website, recolheremos um conjunto de dados pessoais, os quais s\u00e3o tratados para as seguintes situa\u00e7\u00f5es:<\/p>\n<table style=\"height: 468px;\" width=\"1359\">\n<tbody>\n<tr>\n<td width=\"172\"><strong>A\u00e7\u00e3o | Funcionalidade<\/strong><\/td>\n<td width=\"207\"><strong>Campos recolhidos<\/strong><\/td>\n<td width=\"264\"><strong>Finalidades<\/strong><\/td>\n<\/tr>\n<tr>\n<td width=\"172\"><strong>para dar resposta a um pedido\/quest\u00e3o\/sugest\u00e3o<\/strong><\/td>\n<td width=\"207\"><em>Primeiro nome, \u00faltimo nome, contacto telef\u00f3nico, e-mail e o assunto do seu pedido<\/em><\/td>\n<td width=\"264\">Estes dados s\u00e3o de essenciais por forma a processar o seu pedido e dar-lhe uma resposta. Durante a exposi\u00e7\u00e3o do seu pedido\/quest\u00e3o\/sugest\u00e3o, poder\u00e3o ser facultados por si, espontaneamente, outros dados pessoais que n\u00e3o solicitamos.<\/td>\n<\/tr>\n<tr>\n<td width=\"172\"><strong>subscri\u00e7\u00e3o da newsletter e de campanhas de marketing semelhantes<\/strong><\/td>\n<td width=\"207\"><em>Nome, e-mail, contacto telef\u00f3nico<\/em><\/td>\n<td width=\"264\">O envio da newsletter e de comunica\u00e7\u00f5es relativas a campanhas, promo\u00e7\u00f5es e outras informa\u00e7\u00f5es relacionadas com os nossos servi\u00e7os e produtos.<\/td>\n<\/tr>\n<\/tbody>\n<\/table>\n<p>&nbsp;<\/p>\n<p>&nbsp;<\/p>\n<ul>\n<li><strong>Para al\u00e9m do website poder\u00e3o ser recolhidos e tratados dados pessoais nas seguintes situa\u00e7\u00f5es:<\/strong><\/li>\n<\/ul>\n<table style=\"height: 785px;\" width=\"1342\">\n<tbody>\n<tr>\n<td width=\"208\"><strong>A\u00e7\u00e3o | Funcionalidade<\/strong><\/td>\n<td width=\"189\"><strong>Campos recolhidos<\/strong><\/td>\n<td width=\"265\"><strong>Finalidades<\/strong><\/td>\n<\/tr>\n<tr>\n<td width=\"208\"><strong>Quando nos contacta telefonicamente para obter informa\u00e7\u00f5es sobre os nossos servi\u00e7os ou produtos<\/strong><\/td>\n<td width=\"189\"><em>nome, n\u00ba de contacto telef\u00f3nico e o assunto do seu pedido<\/em><\/td>\n<td width=\"265\">Estes dados s\u00e3o de essenciais por forma a processar o seu pedido e dar-lhe uma resposta. Durante a exposi\u00e7\u00e3o do seu pedido\/quest\u00e3o\/sugest\u00e3o, poder\u00e3o ser facultados por si, espontaneamente, outros dados pessoais.<\/td>\n<\/tr>\n<tr>\n<td width=\"208\"><strong>Quando nos contacta atrav\u00e9s das redes sociais <\/strong><\/td>\n<td width=\"189\"><em>Informa\u00e7\u00e3o relativa aos dados de conex\u00e3o (endere\u00e7o IP, cookies, logs ou outras tecnologias de rastreamento); dados de contacto.<\/em><\/td>\n<td width=\"265\">Estes dados s\u00e3o de essenciais por forma a processar o seu pedido e dar-lhe uma resposta. O acesso a redes sociais est\u00e1 dependente da sua subscri\u00e7\u00e3o a uma p\u00e1gina e aceita\u00e7\u00e3o das Pol\u00edticas de privacidade fornecedor do servi\u00e7o.<\/td>\n<\/tr>\n<tr>\n<td width=\"208\"><strong>Quando participa numa das nossas campanhas de Marketing ou num dos nossos eventos <\/strong><\/td>\n<td width=\"189\"><em>Nome, contacto telef\u00f3nico, email<\/em><\/td>\n<td width=\"265\">Estes dados ser\u00e3o utilizados para lhe enviar as nossas comunica\u00e7\u00f5es de marketing.<\/td>\n<\/tr>\n<tr>\n<td colspan=\"2\" width=\"397\"><strong>Se os seus dados nos forem enviados pelos nossos parceiros ou por terceiros, na medida em que, os requisitos a este respeito previstos na legisla\u00e7\u00e3o de prote\u00e7\u00e3o de dados se tenham verificado<\/strong><\/td>\n<td width=\"265\">Estes dados s\u00e3o utilizados no \u00e2mbito dos nossos interesses leg\u00edtimos por forma a desenvolver o neg\u00f3cio.<\/td>\n<\/tr>\n<\/tbody>\n<\/table>\n<p>&nbsp;<\/p>\n<p>A <strong>ADVANCIS\u00ae ANTI-AGING <\/strong>assume que os dados recolhidos foram inseridos pelo respetivo titular e que a sua inser\u00e7\u00e3o foi autorizada pelo mesmo, sendo os mesmos verdadeiros e exatos. Se tiver menos de 16 anos necessitaremos da autoriza\u00e7\u00e3o dos seus pais ou tutores, para recolhermos os seus dados pessoais.<\/p>\n<p>&nbsp;<\/p>\n<h2>4.\u00a0\u00a0\u00a0\u00a0\u00a0 Base de Licitude para o tratamento de Dados Pessoais<\/h2>\n<p>Toda a informa\u00e7\u00e3o que recolhemos \u00e9 registada, utilizada e protegida em conformidade com legisla\u00e7\u00e3o comunit\u00e1ria vigente em mat\u00e9ria de prote\u00e7\u00e3o de dados. Ao abrigo da qual, o processamento de dados pessoais tem de justificar-se por pelo menos um, fundamento jur\u00eddico. Os seus dados ser\u00e3o processados de acordo com base jur\u00eddica nos termos do Regulamento Geral de Prote\u00e7\u00e3o de Dados (RGPD) e para as seguintes finalidades:<\/p>\n<ul>\n<li>Responder a pedidos de informa\u00e7\u00f5es e d\u00favidas &#8211; (Art 6\u00ba (1) al. a) RGPD.<\/li>\n<\/ul>\n<p>Sempre que utiliza a op\u00e7\u00e3o \u201cContacte-nos\u201d do nosso website, e\/ou subscreve a nossa Newsletter o processamento dos seus dados ocorre com base no seu consentimento (Art 6\u00ba (1) al. a) RGPD).<\/p>\n<ul>\n<li>Cumprimento de obriga\u00e7\u00f5es legais \u2013 encontramo-nos sujeitos a uma multitude de obriga\u00e7\u00f5es legais. Trataremos os seus dados pessoais para transmiti-los \u00e0s autoridades governamentais e\/ou de supervis\u00e3o para cumprimento de obriga\u00e7\u00e3o jur\u00eddica (base de licitude \u2013 Lei: RGPD art\u00ba6 (1) al. c) ).<\/li>\n<li>Comunica\u00e7\u00f5es promocionais, campanhas e envio de vouchers baseados no consentimento &#8211; Art. 6\u00ba, n.\u00ba 1, al. a) do RGPD.<\/li>\n<\/ul>\n<p>Caso nos tenha dado o seu consentimento para a utiliza\u00e7\u00e3o adicional dos seus dados, estes poder\u00e3o ser utilizados em conformidade com o \u00e2mbito descrito na respetiva declara\u00e7\u00e3o de consentimento.<\/p>\n<p>Poder\u00e1 retirar o seu consentimento a qualquer momento (ver ponto 5. Direitos do Titular)<\/p>\n<p>Trataremos os seus dados pessoais na medida do necess\u00e1rio para cumprimento destas obriga\u00e7\u00f5es, bem como transmiti-los \u00e0s autoridades mediante notifica\u00e7\u00e3o. Adicionalmente, trataremos os seus dados pessoais na medida do necess\u00e1rio para gest\u00e3o de a\u00e7\u00f5es jur\u00eddicas e\/ou judiciais.<\/p>\n<p><strong>\u00a0<\/strong><\/p>\n<h2>5.\u00a0\u00a0\u00a0\u00a0\u00a0 Os Direitos do Titular<\/h2>\n<p>Nos termos previstos na lei, \u00e9 garantido ao Utilizador, a todo o tempo, o direito de acesso aos dados que lhe digam respeito, a atualiza\u00e7\u00e3o e retifica\u00e7\u00e3o dos seus dados pessoais, bem como o direito de elimina\u00e7\u00e3o ou limita\u00e7\u00e3o do seu tratamento, a portabilidade dos seus dados e opor-se ao tratamento dos mesmos, verificadas as condi\u00e7\u00f5es legalmente previstas.<\/p>\n<ul>\n<li>Exerc\u00edcio dos Direitos\n<ul>\n<li>Poder\u00e1 exercer estes direitos mediante pedido efetuado para o e-mail: <a href=\"mailto:dados@farmodietica.com\">dados@farmodietica.com<\/a><\/li>\n<li>Ou pelo envio de um pedido por correio, dirigido a:<\/li>\n<\/ul>\n<\/li>\n<\/ul>\n<p>Encarregado de Prote\u00e7\u00e3o de Dados<\/p>\n<p>Centro Empresarial Penedo Park<\/p>\n<p>Estrada Oct\u00e1vio Pato, Armaz\u00e9m F2 Bloco A<\/p>\n<p>2785-723 S. Domingos de Rana | PORTUGAL<\/p>\n<p>&nbsp;<\/p>\n<p>&nbsp;<\/p>\n<p>Os seus pedidos ser\u00e3o tratados com especial cuidado de forma a que possamos assegurar o cumprimento dos seus direitos. Poder\u00e1 ser-lhe pedido que fa\u00e7a prova da sua identidade de modo a assegurar que a partilha dos dados pessoais \u00e9 apenas feita com o seu titular.<\/p>\n<p>Deve ter presente que em certos casos (por exemplo, devido a requisitos legais, resolver lit\u00edgios prevenir a fraude, para os nossos interesses leg\u00edtimos e executar os nossos acordos) o seu pedido poder\u00e1 n\u00e3o ser satisfeito de imediato.<\/p>\n<p>De qualquer modo, ser\u00e1 informado\/a das medidas tomadas nesse sentido, no prazo de um m\u00eas a partir do momento em que o pedido for efetuado.<\/p>\n<ul>\n<li>Reclama\u00e7\u00f5es<\/li>\n<\/ul>\n<p>Caso entenda que o tratamento dos seus dados viola o regime legal em vigor, assiste-lhe, ainda, o direito a apresentar uma reclama\u00e7\u00e3o \u00e0 Autoridade de Supervis\u00e3o\u00a0Competente, nomeadamente: <a href=\"https:\/\/www.cnpd.pt\/\">CNPD \u2013 Comiss\u00e3o Nacional de Prote\u00e7\u00e3o de Dados<\/a>.<\/p>\n<p>&nbsp;<\/p>\n<p>&nbsp;<\/p>\n<h2>6.\u00a0\u00a0\u00a0\u00a0\u00a0 Pol\u00edtica de Cookies<\/h2>\n<p>Podem ser utilizados cookies que permitem melhorar o desempenho e a experi\u00eancia de navega\u00e7\u00e3o dos titulares dos dados pessoais, aumentando, por um lado, a rapidez e efici\u00eancia de resposta e, por outro, eliminando a necessidade de introduzir repetidamente as mesmas informa\u00e7\u00f5es. Para mais informa\u00e7\u00f5es aconselhamos a consulta da <u><a href=\"https:\/\/antiaging.advancispharma.com\/en\/cookie-policy\/\">Cookie Policy<\/a>.<\/u><\/p>\n<ul>\n<li>Como gerir os cookies<\/li>\n<\/ul>\n<p>Pode eliminar os cookies a qualquer momento ou definir automaticamente o seu bloqueio atrav\u00e9s do seu browser. No entanto, a desativa\u00e7\u00e3o dos cookies pode impedir que alguns servi\u00e7os funcionem corretamente no website, afetando, parcial ou totalmente, a navega\u00e7\u00e3o do website.<\/p>\n<p>Para mais informa\u00e7\u00f5es sobre cookies, incluindo a configura\u00e7\u00e3o de seu browser para rejeitar cookies, visite\u00a0<a href=\"http:\/\/www.allaboutcookies.org\/\">www.allaboutcookies.org<\/a>.<\/p>\n<p>&nbsp;<\/p>\n<h2>7.\u00a0\u00a0\u00a0\u00a0\u00a0 Partilha de Dados<\/h2>\n<p>Poderemos ter necessidade de partilhar dados a entidades subcontratadas nos termos dos contratos celebrados com as mesmas, assegurando-se a confidencialidade dos dados, o cumprimento da pol\u00edtica de privacidade implementada de acordo com as exig\u00eancias legais aplic\u00e1veis, e sempre de forma compat\u00edvel com as finalidades determinantes do tratamento. Deste modo, poder\u00e1 ser necess\u00e1rio partilhar os seus dados pessoais nas seguintes<strong> situa\u00e7\u00f5es:<\/strong><\/p>\n<p><strong>\u00a0<\/strong><\/p>\n<p><strong>\u00a0<\/strong><\/p>\n<table style=\"height: 526px;\" width=\"1357\">\n<tbody>\n<tr>\n<td width=\"378\"><strong>Parceiro \/ entidades<\/strong><\/td>\n<td width=\"284\"><strong>Finalidade da partilha<\/strong><\/td>\n<\/tr>\n<tr>\n<td width=\"378\"><strong>Autoridades de supervis\u00e3o e\/ou autoridades p\u00fablicas ou governamentais<\/strong><\/td>\n<td width=\"284\">Cumprimento de obriga\u00e7\u00f5es legais e\/ou ordens judiciais, em especial ao abrigo dos deveres legais de colabora\u00e7\u00e3o com institui\u00e7\u00f5es e autoridades p\u00fablicas.<\/td>\n<\/tr>\n<tr>\n<td width=\"378\"><strong>Entidades subcontratadas que prestem servi\u00e7o no \u00e2mbito dos servi\u00e7os previstos nesta Pol\u00edtica <\/strong><\/td>\n<td width=\"284\">Nos termos dos contratos celebradas com as mesmas.<\/td>\n<\/tr>\n<tr>\n<td width=\"378\"><strong>Cumprimento de uma obriga\u00e7\u00e3o legal\/ordem judicial <\/strong>(quando aplic\u00e1vel)<\/td>\n<td width=\"284\">Para cumprimento de obriga\u00e7\u00e3o legal.<\/td>\n<\/tr>\n<tr>\n<td width=\"378\"><strong>Prestadores de servi\u00e7o vinculados contratualmente connosco<\/strong><\/td>\n<td width=\"284\">Para cumprimentos das finalidades descritas e\/ou cumprimento contratual.<\/td>\n<\/tr>\n<\/tbody>\n<\/table>\n<p><strong>\u00a0<\/strong><\/p>\n<p><strong>\u00a0<\/strong><\/p>\n<h2>8.\u00a0\u00a0\u00a0\u00a0\u00a0 Transfer\u00eancia de Dados Pessoais para pa\u00edses terceiros<\/h2>\n<p>Por raz\u00f5es de efici\u00eancia do servi\u00e7o, alguns dos prestadores vinculados contratualmente connosco poder\u00e3o estar situados em territ\u00f3rios fora do Espa\u00e7o Econ\u00f3mico Europeu (EEE). Em tais casos, garantimos que os seus dados pessoais ser\u00e3o tratados de acordo com medidas de seguran\u00e7a apropriadas, obedecendo \u00e0s disposi\u00e7\u00f5es legais aplic\u00e1veis na Uni\u00e3o Europeia, como por exemplo pela celebra\u00e7\u00e3o de Cl\u00e1usulas Contratuais Tipo aprovadas pela Comiss\u00e3o Europeia.<\/p>\n<p>&nbsp;<\/p>\n<p>&nbsp;<\/p>\n<h2>9.\u00a0\u00a0\u00a0\u00a0\u00a0 Per\u00edodo de Conserva\u00e7\u00e3o dos Dados Pessoais<\/h2>\n<p>Os seus Dados pessoais ser\u00e3o guardados pelo per\u00edodo de tempo necess\u00e1rio para os fins para os quais foram recolhidos ou pelo per\u00edodo de tempo necess\u00e1rio para cumprir com as suas obriga\u00e7\u00f5es decorrentes da legisla\u00e7\u00e3o ou das leis e regulamentos Europeus, a que a temos de responder.<\/p>\n<p>&nbsp;<\/p>\n<p>&nbsp;<\/p>\n<table style=\"height: 365px;\" width=\"1375\">\n<tbody>\n<tr>\n<td width=\"142\"><strong>Purpose<\/strong><\/td>\n<td width=\"463\"><strong>Per\u00edodo de Reten\u00e7\u00e3o<\/strong><\/td>\n<\/tr>\n<tr>\n<td width=\"142\"><strong>Marketing<\/strong><\/td>\n<td width=\"463\">Se nos tiver dado o seu consentimento ao tratamento dos seus dados pessoais para fins de marketing, esses dados ser\u00e3o conservados at\u00e9 o consentimento ser revogado<\/td>\n<\/tr>\n<tr>\n<td width=\"142\"><strong>Client support<\/strong><\/td>\n<td width=\"463\">Trataremos os seus dados durante o tempo necess\u00e1rio para satisfazer o seu pedido e\/ou para cumprir os per\u00edodos de reten\u00e7\u00e3o impostos por obriga\u00e7\u00e3o legal \u00e0 qual temos de responder.<\/td>\n<\/tr>\n<\/tbody>\n<\/table>\n<p>&nbsp;<\/p>\n<p>&nbsp;<\/p>\n<p>&nbsp;<\/p>\n<h2>10. Como \u00e9 que mantemos os seus dados pessoais seguros<\/h2>\n<p>Utilizamos uma diversidade de medidas de seguran\u00e7a, incluindo encripta\u00e7\u00e3o e ferramentas de autentica\u00e7\u00e3o, para ajudar a proteger e manter a seguran\u00e7a, integridade e disponibilidade dos seus dados pessoais.<\/p>\n<p>Apesar de a transmiss\u00e3o de dados atrav\u00e9s da internet ou website n\u00e3o poder garantir total seguran\u00e7a contra intrus\u00f5es, n\u00f3s e os nossos prestadores de servi\u00e7os fizemos os melhores esfor\u00e7os para implementar e manter medidas de seguran\u00e7a f\u00edsica, eletr\u00f3nica e procedimental destinadas a proteger os seus dados pessoais em conformidade com os requisitos de prote\u00e7\u00e3o de dados aplic\u00e1veis. Entre outras, implement\u00e1mos as seguintes:<\/p>\n<ul>\n<li>Todos os dados transmitidos no website, utilizam a norma SSL (<em>Secure Socket Layer<\/em>). O SSL \u00e9 uma norma comprovadamente segura. Pode confirmar que a liga\u00e7\u00e3o \u00e9 segura, atrav\u00e9s da utiliza\u00e7\u00e3o do anexo <strong>https: \/\/ (&#8230;)<\/strong> no endere\u00e7o do <em>browser<\/em> e\/ou o<em> \u00edcone <\/em>de cadeado do navegador<\/li>\n<li>Acesso pessoal restrito aos seus dados pessoais com base no crit\u00e9rio da granularidade e apenas no \u00e2mbito das finalidades comunicadas<\/li>\n<li>Transfer\u00eancia de dados recolhidos apenas de forma encriptada<\/li>\n<li>Armazenamento de dados altamente confidenciais apenas de forma encriptada;<\/li>\n<li>Prote\u00e7\u00e3o dos sistemas de TI atrav\u00e9s de <em>firewalls<\/em>, tendo em vista impedir o acesso n\u00e3o autorizado aos seus dados pessoais<\/li>\n<li>Monitoriza\u00e7\u00e3o permanente dos acessos aos sistemas de tecnologias da informa\u00e7\u00e3o tendo em vista prevenir, detetar e impedir o uso indevido dos seus dados pessoais.<\/li>\n<\/ul>\n<p>&nbsp;<\/p>\n<p>&nbsp;<\/p>\n<h2>11. Atualiza\u00e7\u00f5es a esta Pol\u00edtica de Privacidade<\/h2>\n<p>Poderemos alterar periodicamente a presente Pol\u00edtica de Privacidade, de forma a refletir altera\u00e7\u00f5es legais e\/ou pr\u00e1ticas comerciais. Recomendamos que consulte a presente Pol\u00edtica relativamente a poss\u00edveis altera\u00e7\u00f5es sempre que visitar o nosso website.<\/p>\n<p>&nbsp;<\/p>\n<p>&nbsp;<\/p>\n<p>&nbsp;<\/p>\n<p>Data da \u00faltima atualiza\u00e7\u00e3o:\u00a0 Maio 2023<\/p>","protected":false},"excerpt":{"rendered":"<p>1.\u00a0\u00a0\u00a0\u00a0\u00a0 O Nosso Compromisso de Privacidade ADVANCIS\u00ae Anti-Aging (doravante designada por \u201cADVANCIS\u00ae ANTI-AGING\u201d, \u201cn\u00f3s\u201d. \u201cnossos\u201d [&hellip;]<\/p>","protected":false},"author":1,"featured_media":0,"parent":0,"menu_order":0,"comment_status":"closed","ping_status":"closed","template":"","meta":{"footnotes":""},"class_list":["post-3","page","type-page","status-publish","hentry"],"acf":[],"yoast_head":"<!-- This site is optimized with the Yoast SEO plugin v20.1 - https:\/\/yoast.com\/wordpress\/plugins\/seo\/ -->\n<title>Pol\u00edtica de Privacidade - Advancis Anti Aging<\/title>\n<meta name=\"robots\" content=\"index, follow, max-snippet:-1, max-image-preview:large, max-video-preview:-1\" \/>\n<link rel=\"canonical\" href=\"https:\/\/antiaging.advancispharma.com\/en\/privacy-policy\/\" \/>\n<meta property=\"og:locale\" content=\"en_US\" \/>\n<meta property=\"og:type\" content=\"article\" \/>\n<meta property=\"og:title\" content=\"Pol\u00edtica de Privacidade - Advancis Anti Aging\" \/>\n<meta property=\"og:description\" content=\"1.\u00a0\u00a0\u00a0\u00a0\u00a0 O Nosso Compromisso de Privacidade ADVANCIS\u00ae Anti-Aging (doravante designada por \u201cADVANCIS\u00ae ANTI-AGING\u201d, \u201cn\u00f3s\u201d. \u201cnossos\u201d [&hellip;]\" \/>\n<meta property=\"og:url\" content=\"https:\/\/antiaging.advancispharma.com\/en\/privacy-policy\/\" \/>\n<meta property=\"og:site_name\" content=\"Advancis Anti Aging\" \/>\n<meta property=\"article:modified_time\" content=\"2023-06-27T23:00:49+00:00\" \/>\n<meta name=\"twitter:card\" content=\"summary_large_image\" \/>\n<script type=\"application\/ld+json\" class=\"yoast-schema-graph\">{\"@context\":\"https:\/\/schema.org\",\"@graph\":[{\"@type\":\"WebPage\",\"@id\":\"https:\/\/antiaging.advancispharma.com\/politica-de-privacidade\/\",\"url\":\"https:\/\/antiaging.advancispharma.com\/politica-de-privacidade\/\",\"name\":\"Pol\u00edtica de Privacidade - Advancis Anti Aging\",\"isPartOf\":{\"@id\":\"https:\/\/antiaging.advancispharma.com\/#website\"},\"datePublished\":\"2023-04-17T08:55:34+00:00\",\"dateModified\":\"2023-06-27T23:00:49+00:00\",\"breadcrumb\":{\"@id\":\"https:\/\/antiaging.advancispharma.com\/politica-de-privacidade\/#breadcrumb\"},\"inLanguage\":\"en-US\",\"potentialAction\":[{\"@type\":\"ReadAction\",\"target\":[\"https:\/\/antiaging.advancispharma.com\/politica-de-privacidade\/\"]}]},{\"@type\":\"BreadcrumbList\",\"@id\":\"https:\/\/antiaging.advancispharma.com\/politica-de-privacidade\/#breadcrumb\",\"itemListElement\":[{\"@type\":\"ListItem\",\"position\":1,\"name\":\"Home\",\"item\":\"https:\/\/antiaging.advancispharma.com\/\"},{\"@type\":\"ListItem\",\"position\":2,\"name\":\"Pol\u00edtica de Privacidade\"}]},{\"@type\":\"WebSite\",\"@id\":\"https:\/\/antiaging.advancispharma.com\/#website\",\"url\":\"https:\/\/antiaging.advancispharma.com\/\",\"name\":\"Advancis Anti Aging\",\"description\":\"Conhe\u00e7a a gama Advancis\u00ae\ufe0f Agellai\u00ae: um conjunto de f\u00f3rmulas criteriosamente selecionadas para promover o bem-estar e complementar no processo de envelhecimento.\",\"publisher\":{\"@id\":\"https:\/\/antiaging.advancispharma.com\/#organization\"},\"alternateName\":\"Advancis Agellai\",\"potentialAction\":[{\"@type\":\"SearchAction\",\"target\":{\"@type\":\"EntryPoint\",\"urlTemplate\":\"https:\/\/antiaging.advancispharma.com\/?s={search_term_string}\"},\"query-input\":\"required name=search_term_string\"}],\"inLanguage\":\"en-US\"},{\"@type\":\"Organization\",\"@id\":\"https:\/\/antiaging.advancispharma.com\/#organization\",\"name\":\"Advancis Pharma\",\"alternateName\":\"Advancis\",\"url\":\"https:\/\/antiaging.advancispharma.com\/\",\"logo\":{\"@type\":\"ImageObject\",\"inLanguage\":\"en-US\",\"@id\":\"https:\/\/antiaging.advancispharma.com\/#\/schema\/logo\/image\/\",\"url\":\"https:\/\/antiaging.advancispharma.com\/wp-content\/uploads\/2023\/06\/logo_agellai.png\",\"contentUrl\":\"https:\/\/antiaging.advancispharma.com\/wp-content\/uploads\/2023\/06\/logo_agellai.png\",\"width\":846,\"height\":619,\"caption\":\"Advancis Pharma\"},\"image\":{\"@id\":\"https:\/\/antiaging.advancispharma.com\/#\/schema\/logo\/image\/\"},\"sameAs\":[\"https:\/\/www.instagram.com\/advancis_agellai\/\"]}]}<\/script>\n<!-- \/ Yoast SEO plugin. -->","yoast_head_json":{"title":"Pol\u00edtica de Privacidade - Advancis Anti Aging","robots":{"index":"index","follow":"follow","max-snippet":"max-snippet:-1","max-image-preview":"max-image-preview:large","max-video-preview":"max-video-preview:-1"},"canonical":"https:\/\/antiaging.advancispharma.com\/en\/privacy-policy\/","og_locale":"en_US","og_type":"article","og_title":"Pol\u00edtica de Privacidade - Advancis Anti Aging","og_description":"1.\u00a0\u00a0\u00a0\u00a0\u00a0 O Nosso Compromisso de Privacidade ADVANCIS\u00ae Anti-Aging (doravante designada por \u201cADVANCIS\u00ae ANTI-AGING\u201d, \u201cn\u00f3s\u201d. \u201cnossos\u201d [&hellip;]","og_url":"https:\/\/antiaging.advancispharma.com\/en\/privacy-policy\/","og_site_name":"Advancis Anti Aging","article_modified_time":"2023-06-27T23:00:49+00:00","twitter_card":"summary_large_image","schema":{"@context":"https:\/\/schema.org","@graph":[{"@type":"WebPage","@id":"https:\/\/antiaging.advancispharma.com\/politica-de-privacidade\/","url":"https:\/\/antiaging.advancispharma.com\/politica-de-privacidade\/","name":"Pol\u00edtica de Privacidade - Advancis Anti Aging","isPartOf":{"@id":"https:\/\/antiaging.advancispharma.com\/#website"},"datePublished":"2023-04-17T08:55:34+00:00","dateModified":"2023-06-27T23:00:49+00:00","breadcrumb":{"@id":"https:\/\/antiaging.advancispharma.com\/politica-de-privacidade\/#breadcrumb"},"inLanguage":"en-US","potentialAction":[{"@type":"ReadAction","target":["https:\/\/antiaging.advancispharma.com\/politica-de-privacidade\/"]}]},{"@type":"BreadcrumbList","@id":"https:\/\/antiaging.advancispharma.com\/politica-de-privacidade\/#breadcrumb","itemListElement":[{"@type":"ListItem","position":1,"name":"Home","item":"https:\/\/antiaging.advancispharma.com\/"},{"@type":"ListItem","position":2,"name":"Pol\u00edtica de Privacidade"}]},{"@type":"WebSite","@id":"https:\/\/antiaging.advancispharma.com\/#website","url":"https:\/\/antiaging.advancispharma.com\/","name":"Advancis Anti Aging","description":"Conhe\u00e7a a gama Advancis\u00ae\ufe0f Agellai\u00ae: um conjunto de f\u00f3rmulas criteriosamente selecionadas para promover o bem-estar e complementar no processo de envelhecimento.","publisher":{"@id":"https:\/\/antiaging.advancispharma.com\/#organization"},"alternateName":"Advancis Agellai","potentialAction":[{"@type":"SearchAction","target":{"@type":"EntryPoint","urlTemplate":"https:\/\/antiaging.advancispharma.com\/?s={search_term_string}"},"query-input":"required name=search_term_string"}],"inLanguage":"en-US"},{"@type":"Organization","@id":"https:\/\/antiaging.advancispharma.com\/#organization","name":"Advancis Pharma","alternateName":"Advancis","url":"https:\/\/antiaging.advancispharma.com\/","logo":{"@type":"ImageObject","inLanguage":"en-US","@id":"https:\/\/antiaging.advancispharma.com\/#\/schema\/logo\/image\/","url":"https:\/\/antiaging.advancispharma.com\/wp-content\/uploads\/2023\/06\/logo_agellai.png","contentUrl":"https:\/\/antiaging.advancispharma.com\/wp-content\/uploads\/2023\/06\/logo_agellai.png","width":846,"height":619,"caption":"Advancis Pharma"},"image":{"@id":"https:\/\/antiaging.advancispharma.com\/#\/schema\/logo\/image\/"},"sameAs":["https:\/\/www.instagram.com\/advancis_agellai\/"]}]}},"_links":{"self":[{"href":"https:\/\/antiaging.advancispharma.com\/en\/wp-json\/wp\/v2\/pages\/3","targetHints":{"allow":["GET"]}}],"collection":[{"href":"https:\/\/antiaging.advancispharma.com\/en\/wp-json\/wp\/v2\/pages"}],"about":[{"href":"https:\/\/antiaging.advancispharma.com\/en\/wp-json\/wp\/v2\/types\/page"}],"author":[{"embeddable":true,"href":"https:\/\/antiaging.advancispharma.com\/en\/wp-json\/wp\/v2\/users\/1"}],"replies":[{"embeddable":true,"href":"https:\/\/antiaging.advancispharma.com\/en\/wp-json\/wp\/v2\/comments?post=3"}],"version-history":[{"count":3,"href":"https:\/\/antiaging.advancispharma.com\/en\/wp-json\/wp\/v2\/pages\/3\/revisions"}],"predecessor-version":[{"id":1403,"href":"https:\/\/antiaging.advancispharma.com\/en\/wp-json\/wp\/v2\/pages\/3\/revisions\/1403"}],"wp:attachment":[{"href":"https:\/\/antiaging.advancispharma.com\/en\/wp-json\/wp\/v2\/media?parent=3"}],"curies":[{"name":"wp","href":"https:\/\/api.w.org\/{rel}","templated":true}]}}